{"id":2527,"date":"2026-03-10T20:53:08","date_gmt":"2026-03-10T19:53:08","guid":{"rendered":"https:\/\/henrikenaumann.com\/de\/?post_type=condolence&#038;p=2527"},"modified":"2026-03-10T20:53:09","modified_gmt":"2026-03-10T19:53:09","slug":"kleines-gebet-von-mascha-kaleko","status":"publish","type":"condolence","link":"https:\/\/henrikenaumann.com\/de\/condolence\/kleines-gebet-von-mascha-kaleko\/","title":{"rendered":"&#8222;Kleines Gebet&#8220; von Mascha Kal\u00e9ko"},"content":{"rendered":"<p>La\u00df die Sonne wieder scheinen<br \/>\nSommerlich!<br \/>\nWenn die Wolken Regen weinen,<br \/>\nWein auch ich.<\/p>\n<p>La\u00df die Knospen wieder bl\u00fchen<br \/>\nHell am Strauch!<br \/>\nWenn die Rosen rot ergl\u00fchen,<br \/>\nGl\u00fch ich auch.<\/p>\n<p>L\u00f6sch das Welke aus den Hainen,<br \/>\nNimm das Grau!<br \/>\n&#8211; La\u00df die Sonnen wieder scheinen,<br \/>\nGib uns Blau!<\/p>\n\n\n<p><\/p>\n","protected":false},"excerpt":{"rendered":"<p>La\u00df die Sonne wieder scheinen Sommerlich! Wenn die Wolken Regen weinen, Wein auch ich. La\u00df die Knospen wieder bl\u00fchen Hell am Strauch! Wenn die Rosen rot ergl\u00fchen, Gl\u00fch ich auch. L\u00f6sch das Welke aus den Hainen, Nimm das Grau! &#8211; La\u00df die Sonnen wieder scheinen, Gib uns Blau!<\/p>\n","protected":false},"author":6,"featured_media":0,"template":"","class_list":["post-2527","condolence","type-condolence","status-publish","hentry"],"acf":[],"_links":{"self":[{"href":"https:\/\/henrikenaumann.com\/de\/wp-json\/wp\/v2\/condolence\/2527","targetHints":{"allow":["GET"]}}],"collection":[{"href":"https:\/\/henrikenaumann.com\/de\/wp-json\/wp\/v2\/condolence"}],"about":[{"href":"https:\/\/henrikenaumann.com\/de\/wp-json\/wp\/v2\/types\/condolence"}],"author":[{"embeddable":true,"href":"https:\/\/henrikenaumann.com\/de\/wp-json\/wp\/v2\/users\/6"}],"version-history":[{"count":1,"href":"https:\/\/henrikenaumann.com\/de\/wp-json\/wp\/v2\/condolence\/2527\/revisions"}],"predecessor-version":[{"id":2532,"href":"https:\/\/henrikenaumann.com\/de\/wp-json\/wp\/v2\/condolence\/2527\/revisions\/2532"}],"wp:attachment":[{"href":"https:\/\/henrikenaumann.com\/de\/wp-json\/wp\/v2\/media?parent=2527"}],"curies":[{"name":"wp","href":"https:\/\/api.w.org\/{rel}","templated":true}]}}